{"id":1380,"date":"2022-10-04T16:53:36","date_gmt":"2022-10-04T14:53:36","guid":{"rendered":"https:\/\/ferienwohnungen-broshof.com\/arte-culinaria\/"},"modified":"2023-02-16T17:52:07","modified_gmt":"2023-02-16T16:52:07","slug":"arte-culinaria","status":"publish","type":"page","link":"https:\/\/ferienwohnungen-broshof.com\/it\/arte-culinaria\/","title":{"rendered":"Arte culinaria"},"content":{"rendered":"\t\t<div data-elementor-type=\"wp-page\" data-elementor-id=\"1380\" class=\"elementor elementor-1380 elementor-38\" data-elementor-post-type=\"page\">\n\t\t\t\t\t\t<section class=\"elementor-section elementor-top-section elementor-element elementor-element-5800010 elementor-section-boxed elementor-section-height-default elementor-section-height-default\" data-id=\"5800010\" data-element_type=\"section\" data-e-type=\"section\">\n\t\t\t\t\t\t<div class=\"elementor-container elementor-column-gap-default\">\n\t\t\t\t\t<div class=\"elementor-column elementor-col-100 elementor-top-column elementor-element elementor-element-74186c0\" data-id=\"74186c0\" data-element_type=\"column\" data-e-type=\"column\">\n\t\t\t<div class=\"elementor-widget-wrap elementor-element-populated\">\n\t\t\t\t\t\t<div class=\"elementor-element elementor-element-9f2fa38 elementor-widget elementor-widget-heading\" data-id=\"9f2fa38\" data-element_type=\"widget\" data-e-type=\"widget\" data-widget_type=\"heading.default\">\n\t\t\t\t<div class=\"elementor-widget-container\">\n\t\t\t\t\t<h1 class=\"elementor-heading-title elementor-size-default\">Benessere &amp; ospitalit\u00e0<\/h1>\t\t\t\t<\/div>\n\t\t\t\t<\/div>\n\t\t\t\t<div class=\"elementor-element elementor-element-6058c75 elementor-widget elementor-widget-heading\" data-id=\"6058c75\" data-element_type=\"widget\" data-e-type=\"widget\" data-widget_type=\"heading.default\">\n\t\t\t\t<div class=\"elementor-widget-container\">\n\t\t\t\t\t<p class=\"elementor-heading-title elementor-size-default\">Specialit\u00e0 sudtirolesi a Slingia<\/p>\t\t\t\t<\/div>\n\t\t\t\t<\/div>\n\t\t\t\t\t<\/div>\n\t\t<\/div>\n\t\t\t\t\t<\/div>\n\t\t<\/section>\n\t\t\t\t<section class=\"elementor-section elementor-top-section elementor-element elementor-element-2d9250a3 elementor-section-content-middle elementor-section-boxed elementor-section-height-default elementor-section-height-default\" data-id=\"2d9250a3\" data-element_type=\"section\" data-e-type=\"section\">\n\t\t\t\t\t\t<div class=\"elementor-container elementor-column-gap-no\">\n\t\t\t\t\t<div class=\"elementor-column elementor-col-50 elementor-top-column elementor-element elementor-element-77cc7c3a\" data-id=\"77cc7c3a\" data-element_type=\"column\" data-e-type=\"column\" data-settings=\"{&quot;motion_fx_motion_fx_scrolling&quot;:&quot;yes&quot;,&quot;motion_fx_translateY_effect&quot;:&quot;yes&quot;,&quot;motion_fx_translateY_speed&quot;:{&quot;unit&quot;:&quot;px&quot;,&quot;size&quot;:0,&quot;sizes&quot;:[]},&quot;motion_fx_translateY_affectedRange&quot;:{&quot;unit&quot;:&quot;%&quot;,&quot;size&quot;:&quot;&quot;,&quot;sizes&quot;:{&quot;start&quot;:0,&quot;end&quot;:100}},&quot;motion_fx_devices&quot;:[&quot;desktop&quot;,&quot;tablet&quot;,&quot;mobile&quot;]}\">\n\t\t\t<div class=\"elementor-widget-wrap elementor-element-populated\">\n\t\t\t\t\t\t<div class=\"elementor-element elementor-element-5a8deb45 elementor-widget elementor-widget-image\" data-id=\"5a8deb45\" data-element_type=\"widget\" data-e-type=\"widget\" data-widget_type=\"image.default\">\n\t\t\t\t<div class=\"elementor-widget-container\">\n\t\t\t\t\t\t\t\t\t\t\t\t<figure class=\"wp-caption\">\n\t\t\t\t\t\t\t\t\t\t<img fetchpriority=\"high\" decoding=\"async\" width=\"870\" height=\"1088\" src=\"https:\/\/ferienwohnungen-broshof.com\/wp-content\/uploads\/ferienwohnungen-broshof-kulinarik-\u00a9alex-filz.jpg\" class=\"attachment-1536x1536 size-1536x1536 wp-image-765\" alt=\"Canederli allo speck con crauti. In secondo piano un bicchiere di vino bianco\" srcset=\"https:\/\/ferienwohnungen-broshof.com\/wp-content\/uploads\/ferienwohnungen-broshof-kulinarik-\u00a9alex-filz.jpg 870w, https:\/\/ferienwohnungen-broshof.com\/wp-content\/uploads\/ferienwohnungen-broshof-kulinarik-\u00a9alex-filz-240x300.jpg 240w, https:\/\/ferienwohnungen-broshof.com\/wp-content\/uploads\/ferienwohnungen-broshof-kulinarik-\u00a9alex-filz-819x1024.jpg 819w, https:\/\/ferienwohnungen-broshof.com\/wp-content\/uploads\/ferienwohnungen-broshof-kulinarik-\u00a9alex-filz-768x960.jpg 768w\" sizes=\"(max-width: 870px) 100vw, 870px\" \/>\t\t\t\t\t\t\t\t\t\t\t<figcaption class=\"widget-image-caption wp-caption-text\">\u00a9 IDM S\u00fcdtirol-Alto Adige\/Alex Filz<\/figcaption>\n\t\t\t\t\t\t\t\t\t\t<\/figure>\n\t\t\t\t\t\t\t\t\t<\/div>\n\t\t\t\t<\/div>\n\t\t\t\t\t<\/div>\n\t\t<\/div>\n\t\t\t\t<div class=\"elementor-column elementor-col-50 elementor-top-column elementor-element elementor-element-e7fae36\" data-id=\"e7fae36\" data-element_type=\"column\" data-e-type=\"column\" data-settings=\"{&quot;motion_fx_motion_fx_scrolling&quot;:&quot;yes&quot;,&quot;motion_fx_translateY_speed&quot;:{&quot;unit&quot;:&quot;px&quot;,&quot;size&quot;:2,&quot;sizes&quot;:[]},&quot;motion_fx_translateY_effect&quot;:&quot;yes&quot;,&quot;motion_fx_translateY_affectedRange&quot;:{&quot;unit&quot;:&quot;%&quot;,&quot;size&quot;:&quot;&quot;,&quot;sizes&quot;:{&quot;start&quot;:0,&quot;end&quot;:100}},&quot;motion_fx_devices&quot;:[&quot;desktop&quot;,&quot;tablet&quot;,&quot;mobile&quot;]}\">\n\t\t\t<div class=\"elementor-widget-wrap elementor-element-populated\">\n\t\t\t\t\t\t<div class=\"elementor-element elementor-element-450a0673 elementor-widget elementor-widget-heading\" data-id=\"450a0673\" data-element_type=\"widget\" data-e-type=\"widget\" data-widget_type=\"heading.default\">\n\t\t\t\t<div class=\"elementor-widget-container\">\n\t\t\t\t\t<h2 class=\"elementor-heading-title elementor-size-default\">Arte culinaria<\/h2>\t\t\t\t<\/div>\n\t\t\t\t<\/div>\n\t\t\t\t<div class=\"elementor-element elementor-element-4e028f9a elementor-widget elementor-widget-text-editor\" data-id=\"4e028f9a\" data-element_type=\"widget\" data-e-type=\"widget\" data-widget_type=\"text-editor.default\">\n\t\t\t\t<div class=\"elementor-widget-container\">\n\t\t\t\t\t\t\t\t\t<p>La cucina sudtirolese offre una notevole variet\u00e0 di piatti tipici. Ogni valle contribuisce a queste variet\u00e0 con delle proprie tradizioni culinarie.<\/p>\n<p>&#8220;Schlutzkrapfen&#8221;, canederli di spinaci, frittelline di mele: le ricette dei vari piatti si distinguono da luogo a luogo, ma ovunque l&#8217;entusiasmo per le ricette tradizionali e per i prodotti locali rimane fondamentale. E forse l&#8217;uno o l&#8217;altro piatto piace ancora di pi\u00f9 se gustato in alto sulle malghe.<\/p>\n\t\t\t\t\t\t\t\t<\/div>\n\t\t\t\t<\/div>\n\t\t\t\t\t<\/div>\n\t\t<\/div>\n\t\t\t\t\t<\/div>\n\t\t<\/section>\n\t\t\t\t<section class=\"elementor-section elementor-top-section elementor-element elementor-element-2f50da2 elementor-section-content-middle elementor-reverse-tablet elementor-reverse-mobile elementor-section-boxed elementor-section-height-default elementor-section-height-default\" data-id=\"2f50da2\" data-element_type=\"section\" data-e-type=\"section\">\n\t\t\t\t\t\t<div class=\"elementor-container elementor-column-gap-no\">\n\t\t\t\t\t<div class=\"elementor-column elementor-col-50 elementor-top-column elementor-element elementor-element-d8f3ad1\" data-id=\"d8f3ad1\" data-element_type=\"column\" data-e-type=\"column\" data-settings=\"{&quot;motion_fx_motion_fx_scrolling&quot;:&quot;yes&quot;,&quot;motion_fx_translateY_effect&quot;:&quot;yes&quot;,&quot;motion_fx_translateY_speed&quot;:{&quot;unit&quot;:&quot;px&quot;,&quot;size&quot;:2,&quot;sizes&quot;:[]},&quot;motion_fx_translateY_affectedRange&quot;:{&quot;unit&quot;:&quot;%&quot;,&quot;size&quot;:&quot;&quot;,&quot;sizes&quot;:{&quot;start&quot;:0,&quot;end&quot;:100}},&quot;motion_fx_devices&quot;:[&quot;desktop&quot;,&quot;tablet&quot;,&quot;mobile&quot;]}\">\n\t\t\t<div class=\"elementor-widget-wrap elementor-element-populated\">\n\t\t\t\t\t\t<div class=\"elementor-element elementor-element-8651d6d elementor-widget elementor-widget-heading\" data-id=\"8651d6d\" data-element_type=\"widget\" data-e-type=\"widget\" data-widget_type=\"heading.default\">\n\t\t\t\t<div class=\"elementor-widget-container\">\n\t\t\t\t\t<h2 class=\"elementor-heading-title elementor-size-default\">Osteria Andrien<\/h2>\t\t\t\t<\/div>\n\t\t\t\t<\/div>\n\t\t\t\t<div class=\"elementor-element elementor-element-98c7e0c elementor-widget elementor-widget-text-editor\" data-id=\"98c7e0c\" data-element_type=\"widget\" data-e-type=\"widget\" data-widget_type=\"text-editor.default\">\n\t\t\t\t<div class=\"elementor-widget-container\">\n\t\t\t\t\t\t\t\t\t<p>Segnata da un&#8217;apparenza moderna e alpina sia nell&#8217;arte culinaria che negli interni, l&#8217;osteria Andrien unisce architettura lineare e apparenza calda del legno di cirmolo.<\/p>\n\t\t\t\t\t\t\t\t<\/div>\n\t\t\t\t<\/div>\n\t\t\t\t<div class=\"elementor-element elementor-element-e87554e elementor-align-left elementor-widget elementor-widget-button\" data-id=\"e87554e\" data-element_type=\"widget\" data-e-type=\"widget\" data-widget_type=\"button.default\">\n\t\t\t\t<div class=\"elementor-widget-container\">\n\t\t\t\t\t\t\t\t\t<div class=\"elementor-button-wrapper\">\n\t\t\t\t\t<a class=\"elementor-button elementor-button-link elementor-size-sm\" href=\"https:\/\/andrien.it\" target=\"_blank\" rel=\"noopener\">\n\t\t\t\t\t\t<span class=\"elementor-button-content-wrapper\">\n\t\t\t\t\t\t\t\t\t<span class=\"elementor-button-text\">Osteria Andrien<\/span>\n\t\t\t\t\t<\/span>\n\t\t\t\t\t<\/a>\n\t\t\t\t<\/div>\n\t\t\t\t\t\t\t\t<\/div>\n\t\t\t\t<\/div>\n\t\t\t\t\t<\/div>\n\t\t<\/div>\n\t\t\t\t<div class=\"elementor-column elementor-col-50 elementor-top-column elementor-element elementor-element-aef1e5d\" data-id=\"aef1e5d\" data-element_type=\"column\" data-e-type=\"column\" data-settings=\"{&quot;motion_fx_motion_fx_scrolling&quot;:&quot;yes&quot;,&quot;motion_fx_devices&quot;:[&quot;desktop&quot;,&quot;tablet&quot;,&quot;mobile&quot;]}\">\n\t\t\t<div class=\"elementor-widget-wrap elementor-element-populated\">\n\t\t\t\t\t\t<div class=\"elementor-element elementor-element-b45f9f7 elementor-widget elementor-widget-image\" data-id=\"b45f9f7\" data-element_type=\"widget\" data-e-type=\"widget\" data-widget_type=\"image.default\">\n\t\t\t\t<div class=\"elementor-widget-container\">\n\t\t\t\t\t\t\t\t\t\t\t\t<figure class=\"wp-caption\">\n\t\t\t\t\t\t\t\t\t\t<img decoding=\"async\" width=\"870\" height=\"1088\" data-src=\"https:\/\/ferienwohnungen-broshof.com\/wp-content\/uploads\/ferienwohnungen-broshof-hofschank-andrien-\u00a9kate-reist.jpg\" class=\"attachment-1536x1536 size-1536x1536 wp-image-951 lazyload\" alt=\"Accogliente panca angolare con tavolo in legno di pino nell&#039; Osteria Andrien\" data-srcset=\"https:\/\/ferienwohnungen-broshof.com\/wp-content\/uploads\/ferienwohnungen-broshof-hofschank-andrien-\u00a9kate-reist.jpg 870w, https:\/\/ferienwohnungen-broshof.com\/wp-content\/uploads\/ferienwohnungen-broshof-hofschank-andrien-\u00a9kate-reist-240x300.jpg 240w, https:\/\/ferienwohnungen-broshof.com\/wp-content\/uploads\/ferienwohnungen-broshof-hofschank-andrien-\u00a9kate-reist-819x1024.jpg 819w, https:\/\/ferienwohnungen-broshof.com\/wp-content\/uploads\/ferienwohnungen-broshof-hofschank-andrien-\u00a9kate-reist-768x960.jpg 768w\" data-sizes=\"(max-width: 870px) 100vw, 870px\" src=\"data:image\/svg+xml;base64,PHN2ZyB3aWR0aD0iMSIgaGVpZ2h0PSIxIiB4bWxucz0iaHR0cDovL3d3dy53My5vcmcvMjAwMC9zdmciPjwvc3ZnPg==\" style=\"--smush-placeholder-width: 870px; --smush-placeholder-aspect-ratio: 870\/1088;\" \/>\t\t\t\t\t\t\t\t\t\t\t<figcaption class=\"widget-image-caption wp-caption-text\">\u00a9 Kate Reist<\/figcaption>\n\t\t\t\t\t\t\t\t\t\t<\/figure>\n\t\t\t\t\t\t\t\t\t<\/div>\n\t\t\t\t<\/div>\n\t\t\t\t\t<\/div>\n\t\t<\/div>\n\t\t\t\t\t<\/div>\n\t\t<\/section>\n\t\t\t\t<section class=\"elementor-section elementor-top-section elementor-element elementor-element-5b5940b5 elementor-section-full_width elementor-section-content-middle elementor-section-height-default elementor-section-height-default\" data-id=\"5b5940b5\" data-element_type=\"section\" data-e-type=\"section\">\n\t\t\t\t\t\t<div class=\"elementor-container elementor-column-gap-no\">\n\t\t\t\t\t<div class=\"elementor-column elementor-col-50 elementor-top-column elementor-element elementor-element-289b9181\" data-id=\"289b9181\" data-element_type=\"column\" data-e-type=\"column\" data-settings=\"{&quot;motion_fx_motion_fx_scrolling&quot;:&quot;yes&quot;,&quot;motion_fx_devices&quot;:[&quot;desktop&quot;,&quot;tablet&quot;,&quot;mobile&quot;]}\">\n\t\t\t<div class=\"elementor-widget-wrap elementor-element-populated\">\n\t\t\t\t\t\t<div class=\"elementor-element elementor-element-67c2bd7 elementor-widget elementor-widget-image\" data-id=\"67c2bd7\" data-element_type=\"widget\" data-e-type=\"widget\" data-widget_type=\"image.default\">\n\t\t\t\t<div class=\"elementor-widget-container\">\n\t\t\t\t\t\t\t\t\t\t\t\t<figure class=\"wp-caption\">\n\t\t\t\t\t\t\t\t\t\t<img decoding=\"async\" width=\"937\" height=\"750\" data-src=\"https:\/\/ferienwohnungen-broshof.com\/wp-content\/uploads\/ferienwohnungen-broshof-anigglhof.jpg\" class=\"attachment-1536x1536 size-1536x1536 wp-image-784 lazyload\" alt=\"Sala rivestita di legno con &quot;Herrgottswinkel&quot; nell&#039; albergo Anigglhof\" data-srcset=\"https:\/\/ferienwohnungen-broshof.com\/wp-content\/uploads\/ferienwohnungen-broshof-anigglhof.jpg 937w, https:\/\/ferienwohnungen-broshof.com\/wp-content\/uploads\/ferienwohnungen-broshof-anigglhof-300x240.jpg 300w, https:\/\/ferienwohnungen-broshof.com\/wp-content\/uploads\/ferienwohnungen-broshof-anigglhof-768x615.jpg 768w\" data-sizes=\"(max-width: 937px) 100vw, 937px\" src=\"data:image\/svg+xml;base64,PHN2ZyB3aWR0aD0iMSIgaGVpZ2h0PSIxIiB4bWxucz0iaHR0cDovL3d3dy53My5vcmcvMjAwMC9zdmciPjwvc3ZnPg==\" style=\"--smush-placeholder-width: 937px; --smush-placeholder-aspect-ratio: 937\/750;\" \/>\t\t\t\t\t\t\t\t\t\t\t<figcaption class=\"widget-image-caption wp-caption-text\">Hotel Anigglhof a Slingia<\/figcaption>\n\t\t\t\t\t\t\t\t\t\t<\/figure>\n\t\t\t\t\t\t\t\t\t<\/div>\n\t\t\t\t<\/div>\n\t\t\t\t\t<\/div>\n\t\t<\/div>\n\t\t\t\t<div class=\"elementor-column elementor-col-50 elementor-top-column elementor-element elementor-element-2c680104\" data-id=\"2c680104\" data-element_type=\"column\" data-e-type=\"column\" data-settings=\"{&quot;motion_fx_motion_fx_scrolling&quot;:&quot;yes&quot;,&quot;motion_fx_translateY_effect&quot;:&quot;yes&quot;,&quot;motion_fx_translateY_speed&quot;:{&quot;unit&quot;:&quot;px&quot;,&quot;size&quot;:2,&quot;sizes&quot;:[]},&quot;motion_fx_translateY_affectedRange&quot;:{&quot;unit&quot;:&quot;%&quot;,&quot;size&quot;:&quot;&quot;,&quot;sizes&quot;:{&quot;start&quot;:0,&quot;end&quot;:100}},&quot;motion_fx_devices&quot;:[&quot;desktop&quot;,&quot;tablet&quot;,&quot;mobile&quot;]}\">\n\t\t\t<div class=\"elementor-widget-wrap elementor-element-populated\">\n\t\t\t\t\t\t<div class=\"elementor-element elementor-element-cfb1e74 elementor-widget elementor-widget-heading\" data-id=\"cfb1e74\" data-element_type=\"widget\" data-e-type=\"widget\" data-widget_type=\"heading.default\">\n\t\t\t\t<div class=\"elementor-widget-container\">\n\t\t\t\t\t<h2 class=\"elementor-heading-title elementor-size-default\">Hotel Anigglhof<\/h2>\t\t\t\t<\/div>\n\t\t\t\t<\/div>\n\t\t\t\t<div class=\"elementor-element elementor-element-204f5673 elementor-widget elementor-widget-text-editor\" data-id=\"204f5673\" data-element_type=\"widget\" data-e-type=\"widget\" data-widget_type=\"text-editor.default\">\n\t\t\t\t<div class=\"elementor-widget-container\">\n\t\t\t\t\t\t\t\t\t<p>Durante il vostro soggiorno a Slingia non pu\u00f2 mancare una cena presso il bellissimo Hotel Anigglhof. Nella tipica &#8220;stube&#8221; rivestita di legno gusterete le prelibatezze della cucina sudtirolese.<\/p>\n\t\t\t\t\t\t\t\t<\/div>\n\t\t\t\t<\/div>\n\t\t\t\t<div class=\"elementor-element elementor-element-5072d6ab elementor-widget elementor-widget-button\" data-id=\"5072d6ab\" data-element_type=\"widget\" data-e-type=\"widget\" data-widget_type=\"button.default\">\n\t\t\t\t<div class=\"elementor-widget-container\">\n\t\t\t\t\t\t\t\t\t<div class=\"elementor-button-wrapper\">\n\t\t\t\t\t<a class=\"elementor-button elementor-button-link elementor-size-sm\" href=\"https:\/\/www.anigglhof.it\/entspannen-geniessen\/bar-restaurant\" target=\"_blank\" rel=\"noopener\">\n\t\t\t\t\t\t<span class=\"elementor-button-content-wrapper\">\n\t\t\t\t\t\t\t\t\t<span class=\"elementor-button-text\">Hotel Anigglhof<\/span>\n\t\t\t\t\t<\/span>\n\t\t\t\t\t<\/a>\n\t\t\t\t<\/div>\n\t\t\t\t\t\t\t\t<\/div>\n\t\t\t\t<\/div>\n\t\t\t\t\t<\/div>\n\t\t<\/div>\n\t\t\t\t\t<\/div>\n\t\t<\/section>\n\t\t\t\t<section class=\"elementor-section elementor-top-section elementor-element elementor-element-7092a216 elementor-section-content-middle elementor-reverse-tablet elementor-reverse-mobile elementor-section-full_width elementor-section-height-default elementor-section-height-default\" data-id=\"7092a216\" data-element_type=\"section\" data-e-type=\"section\">\n\t\t\t\t\t\t<div class=\"elementor-container elementor-column-gap-no\">\n\t\t\t\t\t<div class=\"elementor-column elementor-col-50 elementor-top-column elementor-element elementor-element-31740320\" data-id=\"31740320\" data-element_type=\"column\" data-e-type=\"column\" data-settings=\"{&quot;motion_fx_motion_fx_scrolling&quot;:&quot;yes&quot;,&quot;motion_fx_translateY_effect&quot;:&quot;yes&quot;,&quot;motion_fx_translateY_speed&quot;:{&quot;unit&quot;:&quot;px&quot;,&quot;size&quot;:2,&quot;sizes&quot;:[]},&quot;motion_fx_translateY_affectedRange&quot;:{&quot;unit&quot;:&quot;%&quot;,&quot;size&quot;:&quot;&quot;,&quot;sizes&quot;:{&quot;start&quot;:0,&quot;end&quot;:100}},&quot;motion_fx_devices&quot;:[&quot;desktop&quot;,&quot;tablet&quot;,&quot;mobile&quot;]}\">\n\t\t\t<div class=\"elementor-widget-wrap elementor-element-populated\">\n\t\t\t\t\t\t<div class=\"elementor-element elementor-element-63ed072e elementor-widget elementor-widget-heading\" data-id=\"63ed072e\" data-element_type=\"widget\" data-e-type=\"widget\" data-widget_type=\"heading.default\">\n\t\t\t\t<div class=\"elementor-widget-container\">\n\t\t\t\t\t<h2 class=\"elementor-heading-title elementor-size-default\">Albergo Ristorante Edelwei\u00df<\/h2>\t\t\t\t<\/div>\n\t\t\t\t<\/div>\n\t\t\t\t<div class=\"elementor-element elementor-element-526a4cc5 elementor-widget elementor-widget-text-editor\" data-id=\"526a4cc5\" data-element_type=\"widget\" data-e-type=\"widget\" data-widget_type=\"text-editor.default\">\n\t\t\t\t<div class=\"elementor-widget-container\">\n\t\t\t\t\t\t\t\t\t<p>Il ristorante Edelwei\u00df vi delizier\u00e0 con una grande variet\u00e0 di piatti tipici sudtirolesi: canederli, minestra d&#8217;orzo, carne affumicata e insaccati con crauti, &#8220;Schlutzkrapfen&#8221;, &#8220;Strauben&#8221; e &#8220;Krapfen&#8221;.<\/p>\n\t\t\t\t\t\t\t\t<\/div>\n\t\t\t\t<\/div>\n\t\t\t\t<div class=\"elementor-element elementor-element-1bffb36e elementor-widget elementor-widget-button\" data-id=\"1bffb36e\" data-element_type=\"widget\" data-e-type=\"widget\" data-widget_type=\"button.default\">\n\t\t\t\t<div class=\"elementor-widget-container\">\n\t\t\t\t\t\t\t\t\t<div class=\"elementor-button-wrapper\">\n\t\t\t\t\t<a class=\"elementor-button elementor-button-link elementor-size-sm\" href=\"https:\/\/www.schlinig.it\/de\/unser-hotel\/schmecken\/\" target=\"_blank\" rel=\"noopener\">\n\t\t\t\t\t\t<span class=\"elementor-button-content-wrapper\">\n\t\t\t\t\t\t\t\t\t<span class=\"elementor-button-text\">Albergo Ristorante Edelwei\u00df<\/span>\n\t\t\t\t\t<\/span>\n\t\t\t\t\t<\/a>\n\t\t\t\t<\/div>\n\t\t\t\t\t\t\t\t<\/div>\n\t\t\t\t<\/div>\n\t\t\t\t\t<\/div>\n\t\t<\/div>\n\t\t\t\t<div class=\"elementor-column elementor-col-50 elementor-top-column elementor-element elementor-element-9bead06\" data-id=\"9bead06\" data-element_type=\"column\" data-e-type=\"column\" data-settings=\"{&quot;motion_fx_motion_fx_scrolling&quot;:&quot;yes&quot;,&quot;motion_fx_devices&quot;:[&quot;desktop&quot;,&quot;tablet&quot;,&quot;mobile&quot;]}\">\n\t\t\t<div class=\"elementor-widget-wrap elementor-element-populated\">\n\t\t\t\t\t\t<div class=\"elementor-element elementor-element-23687367 elementor-widget elementor-widget-image\" data-id=\"23687367\" data-element_type=\"widget\" data-e-type=\"widget\" data-widget_type=\"image.default\">\n\t\t\t\t<div class=\"elementor-widget-container\">\n\t\t\t\t\t\t\t\t\t\t\t\t\t\t\t<img decoding=\"async\" width=\"937\" height=\"750\" data-src=\"https:\/\/ferienwohnungen-broshof.com\/wp-content\/uploads\/ferienwohnungen-broshof-hotel-restaurant-edelweiss.jpg\" class=\"attachment-1536x1536 size-1536x1536 wp-image-790 lazyload\" alt=\"Sala rivestita di legno nel Ristorante Edelwei\u00df\" data-srcset=\"https:\/\/ferienwohnungen-broshof.com\/wp-content\/uploads\/ferienwohnungen-broshof-hotel-restaurant-edelweiss.jpg 937w, https:\/\/ferienwohnungen-broshof.com\/wp-content\/uploads\/ferienwohnungen-broshof-hotel-restaurant-edelweiss-300x240.jpg 300w, https:\/\/ferienwohnungen-broshof.com\/wp-content\/uploads\/ferienwohnungen-broshof-hotel-restaurant-edelweiss-768x615.jpg 768w\" data-sizes=\"(max-width: 937px) 100vw, 937px\" src=\"data:image\/svg+xml;base64,PHN2ZyB3aWR0aD0iMSIgaGVpZ2h0PSIxIiB4bWxucz0iaHR0cDovL3d3dy53My5vcmcvMjAwMC9zdmciPjwvc3ZnPg==\" style=\"--smush-placeholder-width: 937px; --smush-placeholder-aspect-ratio: 937\/750;\" \/>\t\t\t\t\t\t\t\t\t\t\t\t\t\t\t<\/div>\n\t\t\t\t<\/div>\n\t\t\t\t\t<\/div>\n\t\t<\/div>\n\t\t\t\t\t<\/div>\n\t\t<\/section>\n\t\t\t\t<\/div>\n\t\t","protected":false},"excerpt":{"rendered":"<p>Benessere &amp; ospitalit\u00e0 Specialit\u00e0 sudtirolesi a Slingia \u00a9 IDM S\u00fcdtirol-Alto Adige\/Alex Filz Arte culinaria La cucina sudtirolese offre una notevole variet\u00e0 di piatti tipici. Ogni valle contribuisce a queste variet\u00e0 con delle proprie tradizioni culinarie. &#8220;Schlutzkrapfen&#8221;, canederli di spinaci, frittelline di mele: le ricette dei vari piatti si distinguono da luogo a luogo, ma ovunque [&hellip;]<\/p>\n","protected":false},"author":3,"featured_media":334,"parent":0,"menu_order":0,"comment_status":"closed","ping_status":"closed","template":"","meta":{"footnotes":""},"class_list":["post-1380","page","type-page","status-publish","has-post-thumbnail","hentry"],"_links":{"self":[{"href":"https:\/\/ferienwohnungen-broshof.com\/it\/wp-json\/wp\/v2\/pages\/1380","targetHints":{"allow":["GET"]}}],"collection":[{"href":"https:\/\/ferienwohnungen-broshof.com\/it\/wp-json\/wp\/v2\/pages"}],"about":[{"href":"https:\/\/ferienwohnungen-broshof.com\/it\/wp-json\/wp\/v2\/types\/page"}],"author":[{"embeddable":true,"href":"https:\/\/ferienwohnungen-broshof.com\/it\/wp-json\/wp\/v2\/users\/3"}],"replies":[{"embeddable":true,"href":"https:\/\/ferienwohnungen-broshof.com\/it\/wp-json\/wp\/v2\/comments?post=1380"}],"version-history":[{"count":0,"href":"https:\/\/ferienwohnungen-broshof.com\/it\/wp-json\/wp\/v2\/pages\/1380\/revisions"}],"wp:featuredmedia":[{"embeddable":true,"href":"https:\/\/ferienwohnungen-broshof.com\/it\/wp-json\/wp\/v2\/media\/334"}],"wp:attachment":[{"href":"https:\/\/ferienwohnungen-broshof.com\/it\/wp-json\/wp\/v2\/media?parent=1380"}],"curies":[{"name":"wp","href":"https:\/\/api.w.org\/{rel}","templated":true}]}}